{"id":45,"date":"2023-01-28T11:33:33","date_gmt":"2023-01-28T11:33:33","guid":{"rendered":"https:\/\/apostolodaeucaristia.pt\/?page_id=45"},"modified":"2024-02-06T16:05:48","modified_gmt":"2024-02-06T16:05:48","slug":"testemunhos","status":"publish","type":"page","link":"https:\/\/apostolodaeucaristia.pt\/index.php\/testemunhos\/","title":{"rendered":"Testemunhos"},"content":{"rendered":"<div id='full_slider_1'  class='avia-fullwidth-slider main_color avia-shadow   avia-builder-el-0  el_before_av_codeblock  avia-builder-el-first   container_wrap fullsize'  ><div  class='avia-slideshow av-lsajypt3-ab379d9d241184a67da7816b38a40c3e avia-slideshow-featured av_slideshow_full avia-slide-slider av-slideshow-ui av-control-default av-slideshow-manual av-loop-once av-loop-manual-endless av-default-height-applied   avia-slideshow-1' data-slideshow-options=\"{&quot;animation&quot;:&quot;slide&quot;,&quot;autoplay&quot;:false,&quot;loop_autoplay&quot;:&quot;once&quot;,&quot;interval&quot;:5,&quot;loop_manual&quot;:&quot;manual-endless&quot;,&quot;autoplay_stopper&quot;:false,&quot;noNavigation&quot;:false,&quot;bg_slider&quot;:false,&quot;keep_padding&quot;:false,&quot;hoverpause&quot;:false,&quot;show_slide_delay&quot;:0}\"  itemprop=\"image\" itemscope=\"itemscope\" itemtype=\"https:\/\/schema.org\/ImageObject\" ><ul class='avia-slideshow-inner ' style='padding-bottom: 16.666666666667%;'><li  class='avia-slideshow-slide av-lsajypt3-ab379d9d241184a67da7816b38a40c3e__0  av-single-slide slide-1 slide-odd'><div data-rel='slideshow-1' class='avia-slide-wrap '   ><img decoding=\"async\" class=\"wp-image-864 avia-img-lazy-loading-not-864\"  src=\"https:\/\/apostolodaeucaristia.pt\/wp-content\/uploads\/2024\/02\/IMG-BANNER_final3-1500x250.png\" width=\"1500\" height=\"250\" title='IMG-BANNER_final3' alt=''  itemprop=\"thumbnailUrl\"   \/><\/div><\/li><\/ul><\/div><\/div><div id='after_full_slider_1'  class='main_color av_default_container_wrap container_wrap fullsize'  ><div class='container av-section-cont-open' ><div class='template-page content  av-content-full alpha units'><div class='post-entry post-entry-type-page post-entry-45'><div class='entry-content-wrapper clearfix'>\n\n\n<style type=\"text\/css\" data-created_by=\"avia_inline_auto\" id=\"style-css-av-loxbcl6w-13e3ea09ce504dd3f244efcc87a07eb6\">\n#top .hr.hr-invisible.av-loxbcl6w-13e3ea09ce504dd3f244efcc87a07eb6{\nheight:25px;\n}\n<\/style>\n<div  class='hr av-loxbcl6w-13e3ea09ce504dd3f244efcc87a07eb6 hr-invisible  avia-builder-el-2  el_after_av_codeblock  el_before_av_textblock '><span class='hr-inner '><span class=\"hr-inner-style\"><\/span><\/span><\/div>\n\n<style type=\"text\/css\" data-created_by=\"avia_inline_auto\" id=\"style-css-av-loxbccar-84c84e74b612546afc0a984176e6bea5\">\n#top .av_textblock_section.av-loxbccar-84c84e74b612546afc0a984176e6bea5 .avia_textblock{\nfont-size:25px;\ncolor:#9b7550;\n}\n<\/style>\n<section  class='av_textblock_section av-loxbccar-84c84e74b612546afc0a984176e6bea5'  itemscope=\"itemscope\" itemtype=\"https:\/\/schema.org\/CreativeWork\" ><div class='avia_textblock av_inherit_color'  itemprop=\"text\" ><p>TESTEMUNHOS<\/p>\n<div id=\"gtx-trans\" style=\"position: absolute; left: 10px; top: 35.5938px;\">\n<div class=\"gtx-trans-icon\"><\/div>\n<\/div>\n<\/div><\/section>\n<div  data-slideshow-options=\"{&quot;animation&quot;:&quot;fade&quot;,&quot;autoplay&quot;:false,&quot;loop_autoplay&quot;:&quot;once&quot;,&quot;interval&quot;:5,&quot;loop_manual&quot;:&quot;manual-endless&quot;,&quot;autoplay_stopper&quot;:false,&quot;noNavigation&quot;:false,&quot;show_slide_delay&quot;:90}\" class='avia-content-slider avia-content-grid-active avia-content-slider1 avia-content-slider-odd  avia-builder-el-4  el_after_av_textblock  avia-builder-el-last  av-slideshow-ui av-control-default   av-no-slider-navigation av-slideshow-manual av-loop-once av-loop-manual-endless '  itemscope=\"itemscope\" itemtype=\"https:\/\/schema.org\/Blog\" ><div class=\"avia-content-slider-inner\"><div class=\"slide-entry-wrap\"><article class='slide-entry flex_column  post-entry post-entry-1090 slide-entry-overview slide-loop-1 slide-parity-odd  av_one_third first real-thumbnail post-format-standard'  itemscope=\"itemscope\" itemtype=\"https:\/\/schema.org\/CreativeWork\" ><a href='https:\/\/apostolodaeucaristia.pt\/index.php\/portfolio-item\/padre-abilio-testemunho-sr-manuel-mota\/' data-rel='slide-1' class='slide-image' title='Padre Ab\u00edlio | Testemunho Manuel Mota'><img decoding=\"async\" width=\"495\" height=\"300\" src=\"https:\/\/apostolodaeucaristia.pt\/wp-content\/uploads\/2026\/02\/composicao-testemunhos-manuel-mota-495x300.png\" class=\"wp-image-1088 avia-img-lazy-loading-not-1088 attachment-portfolio size-portfolio wp-post-image\" alt=\"testemunho Sr. Manuel Mota\" \/><\/a><div class=\"slide-content\"><header class=\"entry-content-header\"><h3 class='slide-entry-title entry-title '  itemprop=\"headline\" ><a href='https:\/\/apostolodaeucaristia.pt\/index.php\/portfolio-item\/padre-abilio-testemunho-sr-manuel-mota\/' title='Padre Ab\u00edlio | Testemunho Manuel Mota'>Padre Ab\u00edlio | Testemunho Manuel Mota<\/a><\/h3><span class=\"av-vertical-delimiter\"><\/span><\/header><div class=\"slide-meta\"><time class='slide-meta-time updated'  itemprop=\"datePublished\" datetime=\"2026-02-09T13:52:16+00:00\" >Fevereiro 9, 2026<\/time><\/div><div class='slide-entry-excerpt entry-content'  itemprop=\"text\" >\n\"(Sr. Padre Ab\u00edlio) era amigo de todos.\"\n\n\n\n\n<\/div><\/div><footer class=\"entry-footer\"><\/footer><span class='hidden'>\n\t\t\t\t<span class='av-structured-data'  itemprop=\"image\" itemscope=\"itemscope\" itemtype=\"https:\/\/schema.org\/ImageObject\" >\n\t\t\t\t\t\t<span itemprop='url'>https:\/\/apostolodaeucaristia.pt\/wp-content\/uploads\/2026\/02\/composicao-testemunhos-manuel-mota.png<\/span>\n\t\t\t\t\t\t<span itemprop='height'>300<\/span>\n\t\t\t\t\t\t<span itemprop='width'>600<\/span>\n\t\t\t\t<\/span>\n\t\t\t\t<span class='av-structured-data'  itemprop=\"publisher\" itemtype=\"https:\/\/schema.org\/Organization\" itemscope=\"itemscope\" >\n\t\t\t\t\t\t<span itemprop='name'>estesaomamede<\/span>\n\t\t\t\t\t\t<span itemprop='logo' itemscope itemtype='https:\/\/schema.org\/ImageObject'>\n\t\t\t\t\t\t\t<span itemprop='url'>https:\/\/apostolodaeucaristia.pt\/wp-content\/uploads\/2023\/09\/logotipo-menu-superior.png<\/span>\n\t\t\t\t\t\t<\/span>\n\t\t\t\t<\/span><span class='av-structured-data'  itemprop=\"author\" itemscope=\"itemscope\" itemtype=\"https:\/\/schema.org\/Person\" ><span itemprop='name'>estesaomamede<\/span><\/span><span class='av-structured-data'  itemprop=\"datePublished\" datetime=\"2023-01-28T11:33:33+00:00\" >2026-02-09 13:52:16<\/span><span class='av-structured-data'  itemprop=\"dateModified\" itemtype=\"https:\/\/schema.org\/dateModified\" >2026-02-09 13:59:23<\/span><span class='av-structured-data'  itemprop=\"mainEntityOfPage\" itemtype=\"https:\/\/schema.org\/mainEntityOfPage\" ><span itemprop='name'>Padre Ab\u00edlio | Testemunho Manuel Mota<\/span><\/span><\/span><\/article><article class='slide-entry flex_column  post-entry post-entry-1083 slide-entry-overview slide-loop-2 slide-parity-even  av_one_third  real-thumbnail post-format-standard'  itemscope=\"itemscope\" itemtype=\"https:\/\/schema.org\/CreativeWork\" ><a href='https:\/\/apostolodaeucaristia.pt\/index.php\/portfolio-item\/padre-abilio-testemunho-jose-esteves\/' data-rel='slide-1' class='slide-image' title='Padre Ab\u00edlio | Testemunho Jos\u00e9 Esteves'><img decoding=\"async\" width=\"495\" height=\"300\" src=\"https:\/\/apostolodaeucaristia.pt\/wp-content\/uploads\/2025\/09\/video-jose-esteves-495x300.png\" class=\"wp-image-1082 avia-img-lazy-loading-not-1082 attachment-portfolio size-portfolio wp-post-image\" alt=\"\" \/><\/a><div class=\"slide-content\"><header class=\"entry-content-header\"><h3 class='slide-entry-title entry-title '  itemprop=\"headline\" ><a href='https:\/\/apostolodaeucaristia.pt\/index.php\/portfolio-item\/padre-abilio-testemunho-jose-esteves\/' title='Padre Ab\u00edlio | Testemunho Jos\u00e9 Esteves'>Padre Ab\u00edlio | Testemunho Jos\u00e9 Esteves<\/a><\/h3><span class=\"av-vertical-delimiter\"><\/span><\/header><div class=\"slide-meta\"><time class='slide-meta-time updated'  itemprop=\"datePublished\" datetime=\"2025-09-22T21:06:15+00:00\" >Setembro 22, 2025<\/time><\/div><div class='slide-entry-excerpt entry-content'  itemprop=\"text\" >\"(O Sr. Padre Ab\u00edlio) era um santo.\"<\/div><\/div><footer class=\"entry-footer\"><\/footer><span class='hidden'>\n\t\t\t\t<span class='av-structured-data'  itemprop=\"image\" itemscope=\"itemscope\" itemtype=\"https:\/\/schema.org\/ImageObject\" >\n\t\t\t\t\t\t<span itemprop='url'>https:\/\/apostolodaeucaristia.pt\/wp-content\/uploads\/2025\/09\/video-jose-esteves.png<\/span>\n\t\t\t\t\t\t<span itemprop='height'>300<\/span>\n\t\t\t\t\t\t<span itemprop='width'>600<\/span>\n\t\t\t\t<\/span>\n\t\t\t\t<span class='av-structured-data'  itemprop=\"publisher\" itemtype=\"https:\/\/schema.org\/Organization\" itemscope=\"itemscope\" >\n\t\t\t\t\t\t<span itemprop='name'>estesaomamede<\/span>\n\t\t\t\t\t\t<span itemprop='logo' itemscope itemtype='https:\/\/schema.org\/ImageObject'>\n\t\t\t\t\t\t\t<span itemprop='url'>https:\/\/apostolodaeucaristia.pt\/wp-content\/uploads\/2023\/09\/logotipo-menu-superior.png<\/span>\n\t\t\t\t\t\t<\/span>\n\t\t\t\t<\/span><span class='av-structured-data'  itemprop=\"author\" itemscope=\"itemscope\" itemtype=\"https:\/\/schema.org\/Person\" ><span itemprop='name'>estesaomamede<\/span><\/span><span class='av-structured-data'  itemprop=\"datePublished\" datetime=\"2023-01-28T11:33:33+00:00\" >2025-09-22 21:06:15<\/span><span class='av-structured-data'  itemprop=\"dateModified\" itemtype=\"https:\/\/schema.org\/dateModified\" >2025-09-22 21:06:15<\/span><span class='av-structured-data'  itemprop=\"mainEntityOfPage\" itemtype=\"https:\/\/schema.org\/mainEntityOfPage\" ><span itemprop='name'>Padre Ab\u00edlio | Testemunho Jos\u00e9 Esteves<\/span><\/span><\/span><\/article><article class='slide-entry flex_column  post-entry post-entry-1061 slide-entry-overview slide-loop-3 slide-parity-odd  av_one_third  real-thumbnail post-format-standard'  itemscope=\"itemscope\" itemtype=\"https:\/\/schema.org\/CreativeWork\" ><a href='https:\/\/apostolodaeucaristia.pt\/index.php\/portfolio-item\/padre-abilio-testemunho-jose-fernandes\/' data-rel='slide-1' class='slide-image' title='Padre Ab\u00edlio | Testemunho Jos\u00e9 Fernandes'><img decoding=\"async\" width=\"495\" height=\"300\" src=\"https:\/\/apostolodaeucaristia.pt\/wp-content\/uploads\/2025\/07\/composicao-testemunhos-jose-fernandes-495x300.png\" class=\"wp-image-1059 avia-img-lazy-loading-not-1059 attachment-portfolio size-portfolio wp-post-image\" alt=\"Testemunho do Sr. Jos\u00e9 Fernandes\" \/><\/a><div class=\"slide-content\"><header class=\"entry-content-header\"><h3 class='slide-entry-title entry-title '  itemprop=\"headline\" ><a href='https:\/\/apostolodaeucaristia.pt\/index.php\/portfolio-item\/padre-abilio-testemunho-jose-fernandes\/' title='Padre Ab\u00edlio | Testemunho Jos\u00e9 Fernandes'>Padre Ab\u00edlio | Testemunho Jos\u00e9 Fernandes<\/a><\/h3><span class=\"av-vertical-delimiter\"><\/span><\/header><div class=\"slide-meta\"><time class='slide-meta-time updated'  itemprop=\"datePublished\" datetime=\"2025-06-29T11:00:00+00:00\" >Junho 29, 2025<\/time><\/div><div class='slide-entry-excerpt entry-content'  itemprop=\"text\" >\"(O Sr. Padre Ab\u00edlio) era muito disciplinado.\"<\/div><\/div><footer class=\"entry-footer\"><\/footer><span class='hidden'>\n\t\t\t\t<span class='av-structured-data'  itemprop=\"image\" itemscope=\"itemscope\" itemtype=\"https:\/\/schema.org\/ImageObject\" >\n\t\t\t\t\t\t<span itemprop='url'>https:\/\/apostolodaeucaristia.pt\/wp-content\/uploads\/2025\/07\/composicao-testemunhos-jose-fernandes.png<\/span>\n\t\t\t\t\t\t<span itemprop='height'>300<\/span>\n\t\t\t\t\t\t<span itemprop='width'>600<\/span>\n\t\t\t\t<\/span>\n\t\t\t\t<span class='av-structured-data'  itemprop=\"publisher\" itemtype=\"https:\/\/schema.org\/Organization\" itemscope=\"itemscope\" >\n\t\t\t\t\t\t<span itemprop='name'>estesaomamede<\/span>\n\t\t\t\t\t\t<span itemprop='logo' itemscope itemtype='https:\/\/schema.org\/ImageObject'>\n\t\t\t\t\t\t\t<span itemprop='url'>https:\/\/apostolodaeucaristia.pt\/wp-content\/uploads\/2023\/09\/logotipo-menu-superior.png<\/span>\n\t\t\t\t\t\t<\/span>\n\t\t\t\t<\/span><span class='av-structured-data'  itemprop=\"author\" itemscope=\"itemscope\" itemtype=\"https:\/\/schema.org\/Person\" ><span itemprop='name'>estesaomamede<\/span><\/span><span class='av-structured-data'  itemprop=\"datePublished\" datetime=\"2023-01-28T11:33:33+00:00\" >2025-06-29 11:00:00<\/span><span class='av-structured-data'  itemprop=\"dateModified\" itemtype=\"https:\/\/schema.org\/dateModified\" >2025-07-01 09:41:39<\/span><span class='av-structured-data'  itemprop=\"mainEntityOfPage\" itemtype=\"https:\/\/schema.org\/mainEntityOfPage\" ><span itemprop='name'>Padre Ab\u00edlio | Testemunho Jos\u00e9 Fernandes<\/span><\/span><\/span><\/article><\/div><div class=\"slide-entry-wrap\"><article class='slide-entry flex_column  post-entry post-entry-1047 slide-entry-overview slide-loop-4 slide-parity-odd  av_one_third first real-thumbnail post-format-standard'  itemscope=\"itemscope\" itemtype=\"https:\/\/schema.org\/CreativeWork\" ><a href='https:\/\/apostolodaeucaristia.pt\/index.php\/portfolio-item\/padre-abilio-testemunho-alberto-rodrigues\/' data-rel='slide-1' class='slide-image' title='Padre Ab\u00edlio | Testemunho Alberto Rodrigues'><img decoding=\"async\" width=\"495\" height=\"300\" src=\"https:\/\/apostolodaeucaristia.pt\/wp-content\/uploads\/2025\/02\/composicao-testemunhos-alberto-rodrigues-495x300.png\" class=\"wp-image-1048 avia-img-lazy-loading-not-1048 attachment-portfolio size-portfolio wp-post-image\" alt=\"Testemunho Sr. Alberto Rodrigues\" \/><\/a><div class=\"slide-content\"><header class=\"entry-content-header\"><h3 class='slide-entry-title entry-title '  itemprop=\"headline\" ><a href='https:\/\/apostolodaeucaristia.pt\/index.php\/portfolio-item\/padre-abilio-testemunho-alberto-rodrigues\/' title='Padre Ab\u00edlio | Testemunho Alberto Rodrigues'>Padre Ab\u00edlio | Testemunho Alberto Rodrigues<\/a><\/h3><span class=\"av-vertical-delimiter\"><\/span><\/header><div class=\"slide-meta\"><time class='slide-meta-time updated'  itemprop=\"datePublished\" datetime=\"2025-02-09T22:03:02+00:00\" >Fevereiro 9, 2025<\/time><\/div><div class='slide-entry-excerpt entry-content'  itemprop=\"text\" >\"(O Sr. Padre Ab\u00edlio) era muito amigo do povo.\"<\/div><\/div><footer class=\"entry-footer\"><\/footer><span class='hidden'>\n\t\t\t\t<span class='av-structured-data'  itemprop=\"image\" itemscope=\"itemscope\" itemtype=\"https:\/\/schema.org\/ImageObject\" >\n\t\t\t\t\t\t<span itemprop='url'>https:\/\/apostolodaeucaristia.pt\/wp-content\/uploads\/2025\/02\/composicao-testemunhos-alberto-rodrigues.png<\/span>\n\t\t\t\t\t\t<span itemprop='height'>300<\/span>\n\t\t\t\t\t\t<span itemprop='width'>600<\/span>\n\t\t\t\t<\/span>\n\t\t\t\t<span class='av-structured-data'  itemprop=\"publisher\" itemtype=\"https:\/\/schema.org\/Organization\" itemscope=\"itemscope\" >\n\t\t\t\t\t\t<span itemprop='name'>estesaomamede<\/span>\n\t\t\t\t\t\t<span itemprop='logo' itemscope itemtype='https:\/\/schema.org\/ImageObject'>\n\t\t\t\t\t\t\t<span itemprop='url'>https:\/\/apostolodaeucaristia.pt\/wp-content\/uploads\/2023\/09\/logotipo-menu-superior.png<\/span>\n\t\t\t\t\t\t<\/span>\n\t\t\t\t<\/span><span class='av-structured-data'  itemprop=\"author\" itemscope=\"itemscope\" itemtype=\"https:\/\/schema.org\/Person\" ><span itemprop='name'>estesaomamede<\/span><\/span><span class='av-structured-data'  itemprop=\"datePublished\" datetime=\"2023-01-28T11:33:33+00:00\" >2025-02-09 22:03:02<\/span><span class='av-structured-data'  itemprop=\"dateModified\" itemtype=\"https:\/\/schema.org\/dateModified\" >2025-07-01 09:29:37<\/span><span class='av-structured-data'  itemprop=\"mainEntityOfPage\" itemtype=\"https:\/\/schema.org\/mainEntityOfPage\" ><span itemprop='name'>Padre Ab\u00edlio | Testemunho Alberto Rodrigues<\/span><\/span><\/span><\/article><article class='slide-entry flex_column  post-entry post-entry-976 slide-entry-overview slide-loop-5 slide-parity-even  av_one_third  real-thumbnail post-format-standard'  itemscope=\"itemscope\" itemtype=\"https:\/\/schema.org\/CreativeWork\" ><a href='https:\/\/apostolodaeucaristia.pt\/index.php\/portfolio-item\/padre-abilio-testemunho-firmino-antunes\/' data-rel='slide-1' class='slide-image' title='Padre Ab\u00edlio | Testemunho Firmino Antunes'><img decoding=\"async\" width=\"495\" height=\"300\" src=\"https:\/\/apostolodaeucaristia.pt\/wp-content\/uploads\/2025\/02\/composicao-testemunhos-firmino1-495x300.png\" class=\"wp-image-1050 avia-img-lazy-loading-not-1050 attachment-portfolio size-portfolio wp-post-image\" alt=\"\" \/><\/a><div class=\"slide-content\"><header class=\"entry-content-header\"><h3 class='slide-entry-title entry-title '  itemprop=\"headline\" ><a href='https:\/\/apostolodaeucaristia.pt\/index.php\/portfolio-item\/padre-abilio-testemunho-firmino-antunes\/' title='Padre Ab\u00edlio | Testemunho Firmino Antunes'>Padre Ab\u00edlio | Testemunho Firmino Antunes<\/a><\/h3><span class=\"av-vertical-delimiter\"><\/span><\/header><div class=\"slide-meta\"><time class='slide-meta-time updated'  itemprop=\"datePublished\" datetime=\"2024-09-30T13:24:53+00:00\" >Setembro 30, 2024<\/time><\/div><div class='slide-entry-excerpt entry-content'  itemprop=\"text\" >\"O Padre Ab\u00edlio tinha um cora\u00e7\u00e3o maior do que ele inteiro.\"<\/div><\/div><footer class=\"entry-footer\"><\/footer><span class='hidden'>\n\t\t\t\t<span class='av-structured-data'  itemprop=\"image\" itemscope=\"itemscope\" itemtype=\"https:\/\/schema.org\/ImageObject\" >\n\t\t\t\t\t\t<span itemprop='url'>https:\/\/apostolodaeucaristia.pt\/wp-content\/uploads\/2025\/02\/composicao-testemunhos-firmino1.png<\/span>\n\t\t\t\t\t\t<span itemprop='height'>300<\/span>\n\t\t\t\t\t\t<span itemprop='width'>600<\/span>\n\t\t\t\t<\/span>\n\t\t\t\t<span class='av-structured-data'  itemprop=\"publisher\" itemtype=\"https:\/\/schema.org\/Organization\" itemscope=\"itemscope\" >\n\t\t\t\t\t\t<span itemprop='name'>estesaomamede<\/span>\n\t\t\t\t\t\t<span itemprop='logo' itemscope itemtype='https:\/\/schema.org\/ImageObject'>\n\t\t\t\t\t\t\t<span itemprop='url'>https:\/\/apostolodaeucaristia.pt\/wp-content\/uploads\/2023\/09\/logotipo-menu-superior.png<\/span>\n\t\t\t\t\t\t<\/span>\n\t\t\t\t<\/span><span class='av-structured-data'  itemprop=\"author\" itemscope=\"itemscope\" itemtype=\"https:\/\/schema.org\/Person\" ><span itemprop='name'>estesaomamede<\/span><\/span><span class='av-structured-data'  itemprop=\"datePublished\" datetime=\"2023-01-28T11:33:33+00:00\" >2024-09-30 13:24:53<\/span><span class='av-structured-data'  itemprop=\"dateModified\" itemtype=\"https:\/\/schema.org\/dateModified\" >2025-07-01 09:40:02<\/span><span class='av-structured-data'  itemprop=\"mainEntityOfPage\" itemtype=\"https:\/\/schema.org\/mainEntityOfPage\" ><span itemprop='name'>Padre Ab\u00edlio | Testemunho Firmino Antunes<\/span><\/span><\/span><\/article><article class='slide-entry flex_column  post-entry post-entry-227 slide-entry-overview slide-loop-6 slide-parity-odd  av_one_third  real-thumbnail post-format-standard'  itemscope=\"itemscope\" itemtype=\"https:\/\/schema.org\/CreativeWork\" ><a href='https:\/\/apostolodaeucaristia.pt\/index.php\/portfolio-item\/padre-abilio-testemunho-joao-ministro-e-esposa\/' data-rel='slide-1' class='slide-image' title='Padre Ab\u00edlio | Testemunho Jo\u00e3o Rodrigues e Esposa'><img decoding=\"async\" width=\"495\" height=\"300\" src=\"https:\/\/apostolodaeucaristia.pt\/wp-content\/uploads\/2023\/09\/composicao-testemunhos-joao-rodrigues-esposa-495x300.png\" class=\"wp-image-979 avia-img-lazy-loading-not-979 attachment-portfolio size-portfolio wp-post-image\" alt=\"testemunho Jo\u00e3o Rodrigues e Esposa\" \/><\/a><div class=\"slide-content\"><header class=\"entry-content-header\"><h3 class='slide-entry-title entry-title '  itemprop=\"headline\" ><a href='https:\/\/apostolodaeucaristia.pt\/index.php\/portfolio-item\/padre-abilio-testemunho-joao-ministro-e-esposa\/' title='Padre Ab\u00edlio | Testemunho Jo\u00e3o Rodrigues e Esposa'>Padre Ab\u00edlio | Testemunho Jo\u00e3o Rodrigues e Esposa<\/a><\/h3><span class=\"av-vertical-delimiter\"><\/span><\/header><div class=\"slide-meta\"><time class='slide-meta-time updated'  itemprop=\"datePublished\" datetime=\"2023-09-23T15:58:04+00:00\" >Setembro 23, 2023<\/time><\/div><div class='slide-entry-excerpt entry-content'  itemprop=\"text\" >\"Amigo do Senhor, maior do que ele (Padre Ab\u00edlio) n\u00e3o h\u00e1.\"<\/div><\/div><footer class=\"entry-footer\"><\/footer><span class='hidden'>\n\t\t\t\t<span class='av-structured-data'  itemprop=\"image\" itemscope=\"itemscope\" itemtype=\"https:\/\/schema.org\/ImageObject\" >\n\t\t\t\t\t\t<span itemprop='url'>https:\/\/apostolodaeucaristia.pt\/wp-content\/uploads\/2023\/09\/composicao-testemunhos-joao-rodrigues-esposa.png<\/span>\n\t\t\t\t\t\t<span itemprop='height'>300<\/span>\n\t\t\t\t\t\t<span itemprop='width'>600<\/span>\n\t\t\t\t<\/span>\n\t\t\t\t<span class='av-structured-data'  itemprop=\"publisher\" itemtype=\"https:\/\/schema.org\/Organization\" itemscope=\"itemscope\" >\n\t\t\t\t\t\t<span itemprop='name'>estesaomamede<\/span>\n\t\t\t\t\t\t<span itemprop='logo' itemscope itemtype='https:\/\/schema.org\/ImageObject'>\n\t\t\t\t\t\t\t<span itemprop='url'>https:\/\/apostolodaeucaristia.pt\/wp-content\/uploads\/2023\/09\/logotipo-menu-superior.png<\/span>\n\t\t\t\t\t\t<\/span>\n\t\t\t\t<\/span><span class='av-structured-data'  itemprop=\"author\" itemscope=\"itemscope\" itemtype=\"https:\/\/schema.org\/Person\" ><span itemprop='name'>estesaomamede<\/span><\/span><span class='av-structured-data'  itemprop=\"datePublished\" datetime=\"2023-01-28T11:33:33+00:00\" >2023-09-23 15:58:04<\/span><span class='av-structured-data'  itemprop=\"dateModified\" itemtype=\"https:\/\/schema.org\/dateModified\" >2025-07-01 09:39:47<\/span><span class='av-structured-data'  itemprop=\"mainEntityOfPage\" itemtype=\"https:\/\/schema.org\/mainEntityOfPage\" ><span itemprop='name'>Padre Ab\u00edlio | Testemunho Jo\u00e3o Rodrigues e Esposa<\/span><\/span><\/span><\/article><\/div><div class=\"slide-entry-wrap\"><article class='slide-entry flex_column  post-entry post-entry-973 slide-entry-overview slide-loop-7 slide-parity-odd  av_one_third first real-thumbnail post-format-standard'  itemscope=\"itemscope\" itemtype=\"https:\/\/schema.org\/CreativeWork\" ><a href='https:\/\/apostolodaeucaristia.pt\/index.php\/portfolio-item\/graca-recebida-2\/' data-rel='slide-1' class='slide-image' title='Gra\u00e7a Recebida'><img decoding=\"async\" width=\"495\" height=\"300\" src=\"https:\/\/apostolodaeucaristia.pt\/wp-content\/uploads\/1998\/11\/testemunho-geral-9-495x300.png\" class=\"wp-image-975 avia-img-lazy-loading-not-975 attachment-portfolio size-portfolio wp-post-image\" alt=\"igreja de S. Mamede - Braga\" \/><\/a><div class=\"slide-content\"><header class=\"entry-content-header\"><h3 class='slide-entry-title entry-title '  itemprop=\"headline\" ><a href='https:\/\/apostolodaeucaristia.pt\/index.php\/portfolio-item\/graca-recebida-2\/' title='Gra\u00e7a Recebida'>Gra\u00e7a Recebida<\/a><\/h3><span class=\"av-vertical-delimiter\"><\/span><\/header><div class=\"slide-meta\"><time class='slide-meta-time updated'  itemprop=\"datePublished\" datetime=\"1998-11-19T13:11:00+00:00\" >Novembro 19, 1998<\/time><\/div><div class='slide-entry-excerpt entry-content'  itemprop=\"text\" >\n\u201cA minha nora, de 34 anos, adoeceu gravemente. Sem que os\u2026<\/div><\/div><footer class=\"entry-footer\"><\/footer><span class='hidden'>\n\t\t\t\t<span class='av-structured-data'  itemprop=\"image\" itemscope=\"itemscope\" itemtype=\"https:\/\/schema.org\/ImageObject\" >\n\t\t\t\t\t\t<span itemprop='url'>https:\/\/apostolodaeucaristia.pt\/wp-content\/uploads\/1998\/11\/testemunho-geral-9.png<\/span>\n\t\t\t\t\t\t<span itemprop='height'>300<\/span>\n\t\t\t\t\t\t<span itemprop='width'>600<\/span>\n\t\t\t\t<\/span>\n\t\t\t\t<span class='av-structured-data'  itemprop=\"publisher\" itemtype=\"https:\/\/schema.org\/Organization\" itemscope=\"itemscope\" >\n\t\t\t\t\t\t<span itemprop='name'>estesaomamede<\/span>\n\t\t\t\t\t\t<span itemprop='logo' itemscope itemtype='https:\/\/schema.org\/ImageObject'>\n\t\t\t\t\t\t\t<span itemprop='url'>https:\/\/apostolodaeucaristia.pt\/wp-content\/uploads\/2023\/09\/logotipo-menu-superior.png<\/span>\n\t\t\t\t\t\t<\/span>\n\t\t\t\t<\/span><span class='av-structured-data'  itemprop=\"author\" itemscope=\"itemscope\" itemtype=\"https:\/\/schema.org\/Person\" ><span itemprop='name'>estesaomamede<\/span><\/span><span class='av-structured-data'  itemprop=\"datePublished\" datetime=\"2023-01-28T11:33:33+00:00\" >1998-11-19 13:11:00<\/span><span class='av-structured-data'  itemprop=\"dateModified\" itemtype=\"https:\/\/schema.org\/dateModified\" >2024-09-30 13:17:15<\/span><span class='av-structured-data'  itemprop=\"mainEntityOfPage\" itemtype=\"https:\/\/schema.org\/mainEntityOfPage\" ><span itemprop='name'>Gra\u00e7a Recebida<\/span><\/span><\/span><\/article><article class='slide-entry flex_column  post-entry post-entry-969 slide-entry-overview slide-loop-8 slide-parity-even  av_one_third  real-thumbnail post-format-standard'  itemscope=\"itemscope\" itemtype=\"https:\/\/schema.org\/CreativeWork\" ><a href='https:\/\/apostolodaeucaristia.pt\/index.php\/portfolio-item\/graca-recebida\/' data-rel='slide-1' class='slide-image' title='Gra\u00e7a Recebida'><img decoding=\"async\" width=\"495\" height=\"300\" src=\"https:\/\/apostolodaeucaristia.pt\/wp-content\/uploads\/1998\/11\/testemunho-geral-5-495x300.png\" class=\"wp-image-981 avia-img-lazy-loading-not-981 attachment-portfolio size-portfolio wp-post-image\" alt=\"monumento ao cora\u00e7\u00e3o eurar\u00edstico de jesus no monte chamor\" \/><\/a><div class=\"slide-content\"><header class=\"entry-content-header\"><h3 class='slide-entry-title entry-title '  itemprop=\"headline\" ><a href='https:\/\/apostolodaeucaristia.pt\/index.php\/portfolio-item\/graca-recebida\/' title='Gra\u00e7a Recebida'>Gra\u00e7a Recebida<\/a><\/h3><span class=\"av-vertical-delimiter\"><\/span><\/header><div class=\"slide-meta\"><time class='slide-meta-time updated'  itemprop=\"datePublished\" datetime=\"1998-11-08T13:06:00+00:00\" >Novembro 8, 1998<\/time><\/div><div class='slide-entry-excerpt entry-content'  itemprop=\"text\" >\n\u201cA minha esposa estava a sentir-se mal e resolvemos marcar\u2026<\/div><\/div><footer class=\"entry-footer\"><\/footer><span class='hidden'>\n\t\t\t\t<span class='av-structured-data'  itemprop=\"image\" itemscope=\"itemscope\" itemtype=\"https:\/\/schema.org\/ImageObject\" >\n\t\t\t\t\t\t<span itemprop='url'>https:\/\/apostolodaeucaristia.pt\/wp-content\/uploads\/1998\/11\/testemunho-geral-5.png<\/span>\n\t\t\t\t\t\t<span itemprop='height'>300<\/span>\n\t\t\t\t\t\t<span itemprop='width'>600<\/span>\n\t\t\t\t<\/span>\n\t\t\t\t<span class='av-structured-data'  itemprop=\"publisher\" itemtype=\"https:\/\/schema.org\/Organization\" itemscope=\"itemscope\" >\n\t\t\t\t\t\t<span itemprop='name'>estesaomamede<\/span>\n\t\t\t\t\t\t<span itemprop='logo' itemscope itemtype='https:\/\/schema.org\/ImageObject'>\n\t\t\t\t\t\t\t<span itemprop='url'>https:\/\/apostolodaeucaristia.pt\/wp-content\/uploads\/2023\/09\/logotipo-menu-superior.png<\/span>\n\t\t\t\t\t\t<\/span>\n\t\t\t\t<\/span><span class='av-structured-data'  itemprop=\"author\" itemscope=\"itemscope\" itemtype=\"https:\/\/schema.org\/Person\" ><span itemprop='name'>estesaomamede<\/span><\/span><span class='av-structured-data'  itemprop=\"datePublished\" datetime=\"2023-01-28T11:33:33+00:00\" >1998-11-08 13:06:00<\/span><span class='av-structured-data'  itemprop=\"dateModified\" itemtype=\"https:\/\/schema.org\/dateModified\" >2024-09-30 13:51:55<\/span><span class='av-structured-data'  itemprop=\"mainEntityOfPage\" itemtype=\"https:\/\/schema.org\/mainEntityOfPage\" ><span itemprop='name'>Gra\u00e7a Recebida<\/span><\/span><\/span><\/article><article class='slide-entry flex_column  post-entry post-entry-965 slide-entry-overview slide-loop-9 slide-parity-odd  post-entry-last  av_one_third  real-thumbnail post-format-standard'  itemscope=\"itemscope\" itemtype=\"https:\/\/schema.org\/CreativeWork\" ><a href='https:\/\/apostolodaeucaristia.pt\/index.php\/portfolio-item\/famalicao-10-03-1998\/' data-rel='slide-1' class='slide-image' title='Famalic\u00e3o'><img decoding=\"async\" width=\"495\" height=\"300\" src=\"https:\/\/apostolodaeucaristia.pt\/wp-content\/uploads\/1998\/03\/testemunho-geral-7-495x300.png\" class=\"wp-image-968 avia-img-lazy-loading-not-968 attachment-portfolio size-portfolio wp-post-image\" alt=\"\" \/><\/a><div class=\"slide-content\"><header class=\"entry-content-header\"><h3 class='slide-entry-title entry-title '  itemprop=\"headline\" ><a href='https:\/\/apostolodaeucaristia.pt\/index.php\/portfolio-item\/famalicao-10-03-1998\/' title='Famalic\u00e3o'>Famalic\u00e3o<\/a><\/h3><span class=\"av-vertical-delimiter\"><\/span><\/header><div class=\"slide-meta\"><time class='slide-meta-time updated'  itemprop=\"datePublished\" datetime=\"1998-03-10T12:59:00+00:00\" >Mar\u00e7o 10, 1998<\/time><\/div><div class='slide-entry-excerpt entry-content'  itemprop=\"text\" >\n\u201cVenho por este meio informar que estive no passado Domingo\u2026<\/div><\/div><footer class=\"entry-footer\"><\/footer><span class='hidden'>\n\t\t\t\t<span class='av-structured-data'  itemprop=\"image\" itemscope=\"itemscope\" itemtype=\"https:\/\/schema.org\/ImageObject\" >\n\t\t\t\t\t\t<span itemprop='url'>https:\/\/apostolodaeucaristia.pt\/wp-content\/uploads\/1998\/03\/testemunho-geral-7.png<\/span>\n\t\t\t\t\t\t<span itemprop='height'>300<\/span>\n\t\t\t\t\t\t<span itemprop='width'>600<\/span>\n\t\t\t\t<\/span>\n\t\t\t\t<span class='av-structured-data'  itemprop=\"publisher\" itemtype=\"https:\/\/schema.org\/Organization\" itemscope=\"itemscope\" >\n\t\t\t\t\t\t<span itemprop='name'>estesaomamede<\/span>\n\t\t\t\t\t\t<span itemprop='logo' itemscope itemtype='https:\/\/schema.org\/ImageObject'>\n\t\t\t\t\t\t\t<span itemprop='url'>https:\/\/apostolodaeucaristia.pt\/wp-content\/uploads\/2023\/09\/logotipo-menu-superior.png<\/span>\n\t\t\t\t\t\t<\/span>\n\t\t\t\t<\/span><span class='av-structured-data'  itemprop=\"author\" itemscope=\"itemscope\" itemtype=\"https:\/\/schema.org\/Person\" ><span itemprop='name'>estesaomamede<\/span><\/span><span class='av-structured-data'  itemprop=\"datePublished\" datetime=\"2023-01-28T11:33:33+00:00\" >1998-03-10 12:59:00<\/span><span class='av-structured-data'  itemprop=\"dateModified\" itemtype=\"https:\/\/schema.org\/dateModified\" >2024-09-30 13:11:40<\/span><span class='av-structured-data'  itemprop=\"mainEntityOfPage\" itemtype=\"https:\/\/schema.org\/mainEntityOfPage\" ><span itemprop='name'>Famalic\u00e3o<\/span><\/span><\/span><\/article><\/div><\/div><div class='pagination-wrap pagination-slider'><nav class='pagination'><span class='pagination-meta'>Page 1 of 2<\/span><span class='current'>1<\/span><a href='https:\/\/apostolodaeucaristia.pt\/index.php\/wp-json\/wp\/v2\/pages\/45\/?avia-element-paging=2' class='inactive next_page' >2<\/a><\/nav>\n<\/div><\/div>\n","protected":false},"excerpt":{"rendered":"","protected":false},"author":1,"featured_media":0,"parent":0,"menu_order":5,"comment_status":"closed","ping_status":"closed","template":"","meta":{"_monsterinsights_skip_tracking":false,"_monsterinsights_sitenote_active":false,"_monsterinsights_sitenote_note":"","_monsterinsights_sitenote_category":0,"footnotes":""},"aioseo_notices":[],"_links":{"self":[{"href":"https:\/\/apostolodaeucaristia.pt\/index.php\/wp-json\/wp\/v2\/pages\/45"}],"collection":[{"href":"https:\/\/apostolodaeucaristia.pt\/index.php\/wp-json\/wp\/v2\/pages"}],"about":[{"href":"https:\/\/apostolodaeucaristia.pt\/index.php\/wp-json\/wp\/v2\/types\/page"}],"author":[{"embeddable":true,"href":"https:\/\/apostolodaeucaristia.pt\/index.php\/wp-json\/wp\/v2\/users\/1"}],"replies":[{"embeddable":true,"href":"https:\/\/apostolodaeucaristia.pt\/index.php\/wp-json\/wp\/v2\/comments?post=45"}],"version-history":[{"count":31,"href":"https:\/\/apostolodaeucaristia.pt\/index.php\/wp-json\/wp\/v2\/pages\/45\/revisions"}],"predecessor-version":[{"id":962,"href":"https:\/\/apostolodaeucaristia.pt\/index.php\/wp-json\/wp\/v2\/pages\/45\/revisions\/962"}],"wp:attachment":[{"href":"https:\/\/apostolodaeucaristia.pt\/index.php\/wp-json\/wp\/v2\/media?parent=45"}],"curies":[{"name":"wp","href":"https:\/\/api.w.org\/{rel}","templated":true}]}}