{"id":210,"date":"1988-02-03T17:53:00","date_gmt":"1988-02-03T17:53:00","guid":{"rendered":"https:\/\/apostolodaeucaristia.pt\/?post_type=portfolio&#038;p=210"},"modified":"2024-09-30T12:54:18","modified_gmt":"2024-09-30T12:54:18","slug":"2o-testemunho","status":"publish","type":"portfolio","link":"https:\/\/apostolodaeucaristia.pt\/index.php\/portfolio-item\/2o-testemunho\/","title":{"rendered":"Proselo"},"content":{"rendered":"\n<h2 class=\"wp-block-heading\"><\/h2>\n\n\n\n<p><\/p>\n\n\n\n<p>Do Sr. C\u00f3nego Manuel de Azevedo Tinoco, Diretor do Semin\u00e1rio de Nossa Senhora da Concei\u00e7\u00e3o \u2013 Braga, foi-nos enviado o seguinte testemunho:<\/p>\n\n\n\n<p>\u201cno passado dia 01 do corrente m\u00eas, a nossa m\u00e3e, Joaquina Elvira de Azevedo, residente em Proselo, Amares, teve um problema muito grave de sa\u00fade. De repente, deixou de falar e perdeu os movimentos. Embora da madrugada, reuniu-se, rapidamente, toda a fam\u00edlia. Chamada com urg\u00eancia uma m\u00e9dica amiga, foi diagnosticada uma acentuada fal\u00eancia card\u00edaca, seguida de AVC (Acidente Vascular Cerebral). De imediato, pensamos em internamento. Ainda chegamos a telefonar para uma cl\u00ednica da cidade de Braga, mas a m\u00e9dica aconselhou-nos a que n\u00e3o o fiz\u00e9ssemos, pois iriamos apenas sacrificar a doente e os resultados seriam nulos. Disse-nos mesmo que, perante aquela situa\u00e7\u00e3o, lhe parecia n\u00e3o haver nada a fazer. A nossa m\u00e3e respirava com muita dificuldade, eram evidentes certas secre\u00e7\u00f5es, n\u00e3o tinha reflexos e estava muito aflita.<\/p>\n\n\n\n<p>Est\u00e1vamos \u00e0 volta da nossa m\u00e3e os quatro filhos e, quebrando o sil\u00eancio, falou um: <em>Vamos pedir ao Senhor, que se estiver nos seus planos, restitua sa\u00fade \u00e0 nossa m\u00e3e e, se tal n\u00e3o for o Seu des\u00edgnio, que nos d\u00ea a n\u00f3s a gra\u00e7a de aceitarmos, com serenidade, a Sua divina vontade. Fa\u00e7amos com muita f\u00e9 a nossa ora\u00e7\u00e3o ao Senhor por intercess\u00e3o do Senhor Padre Ab\u00edlio.<\/em><\/p>\n\n\n\n<p>Iniciamos a ora\u00e7\u00e3o com o Pai Nosso e, estupefactos, vimos a nossa m\u00e3e a rezar connosco. A partir de ent\u00e3o, progressivamente, a nossa m\u00e3e recuperou a fala e os movimentos. Passadas umas sete horas, j\u00e1 quase se encontrava no seu habitual estado de sa\u00fade.<\/p>\n\n\n\n<p>Tudo se passou conforme descrito. Apresentamos o facto sem o julgarmos, mas confiamos muito na intercess\u00e3o do Senhor Padre Abilio. Que por ele seja louvado o Senhor da vida e da morte.<\/p>\n\n\n\n<p>Proselo, 3 Fevereiro 1988\u201d<\/p>\n","protected":false},"excerpt":{"rendered":"<p>Do Sr. C\u00f3nego Manuel de Azevedo Tinoco, Diretor do Semin\u00e1rio de Nossa Senhora da Concei\u00e7\u00e3o \u2013 Braga, foi-nos enviado o seguinte testemunho: \u201cno passado dia 01 do corrente m\u00eas, a nossa m\u00e3e, Joaquina Elvira de Azevedo, residente em Proselo, Amares, teve um problema muito grave de sa\u00fade. De repente, deixou de falar e perdeu os [&hellip;]<\/p>\n","protected":false},"featured_media":924,"comment_status":"closed","ping_status":"closed","template":"","tags":[],"portfolio_entries":[25],"aioseo_notices":[],"_links":{"self":[{"href":"https:\/\/apostolodaeucaristia.pt\/index.php\/wp-json\/wp\/v2\/portfolio\/210"}],"collection":[{"href":"https:\/\/apostolodaeucaristia.pt\/index.php\/wp-json\/wp\/v2\/portfolio"}],"about":[{"href":"https:\/\/apostolodaeucaristia.pt\/index.php\/wp-json\/wp\/v2\/types\/portfolio"}],"replies":[{"embeddable":true,"href":"https:\/\/apostolodaeucaristia.pt\/index.php\/wp-json\/wp\/v2\/comments?post=210"}],"version-history":[{"count":4,"href":"https:\/\/apostolodaeucaristia.pt\/index.php\/wp-json\/wp\/v2\/portfolio\/210\/revisions"}],"predecessor-version":[{"id":963,"href":"https:\/\/apostolodaeucaristia.pt\/index.php\/wp-json\/wp\/v2\/portfolio\/210\/revisions\/963"}],"wp:featuredmedia":[{"embeddable":true,"href":"https:\/\/apostolodaeucaristia.pt\/index.php\/wp-json\/wp\/v2\/media\/924"}],"wp:attachment":[{"href":"https:\/\/apostolodaeucaristia.pt\/index.php\/wp-json\/wp\/v2\/media?parent=210"}],"wp:term":[{"taxonomy":"post_tag","embeddable":true,"href":"https:\/\/apostolodaeucaristia.pt\/index.php\/wp-json\/wp\/v2\/tags?post=210"},{"taxonomy":"portfolio_entries","embeddable":true,"href":"https:\/\/apostolodaeucaristia.pt\/index.php\/wp-json\/wp\/v2\/portfolio_entries?post=210"}],"curies":[{"name":"wp","href":"https:\/\/api.w.org\/{rel}","templated":true}]}}